{"id":4837,"date":"2026-02-18T14:38:16","date_gmt":"2026-02-18T13:38:16","guid":{"rendered":"https:\/\/cptsduvoironnais.com\/?post_type=tribe_events&#038;p=4837"},"modified":"2026-03-02T13:57:30","modified_gmt":"2026-03-02T12:57:30","slug":"conference-sa-premiere-cuite","status":"publish","type":"tribe_events","link":"https:\/\/cptsduvoironnais.com\/index.php\/evenement\/conference-sa-premiere-cuite\/","title":{"rendered":"Conf\u00e9rence &#8211; Comment parler d&rsquo;alcool avec mon ado?"},"content":{"rendered":"<p>Conf\u00e9rence propos\u00e9e par l&rsquo;association Vivre Sans Addiction<\/p>\n<p>Comment parler d&rsquo;alcool avec mon ado? Une conf\u00e9rence participative, conviviale et ludique anim\u00e9e par Guylaine Benech, sociologue et autrice.<\/p>\n<p>Destin\u00e9e aux parents, grands parents et \u00e0 tous les personnes qui se demandent comment aborder le sujet de la consommation d&rsquo;alcool avec les enfants et les adolescents<\/p>\n","protected":false},"excerpt":{"rendered":"<p>Conf\u00e9rence propos\u00e9e par l&rsquo;association Vivre Sans Addiction Comment parler d&rsquo;alcool avec mon ado? Une conf\u00e9rence participative, conviviale et ludique anim\u00e9e par Guylaine Benech, sociologue et autrice. Destin\u00e9e aux parents, grands [&hellip;]<\/p>\n","protected":false},"author":1,"featured_media":4957,"comment_status":"closed","ping_status":"closed","template":"","meta":{"ocean_post_layout":"","ocean_both_sidebars_style":"","ocean_both_sidebars_content_width":0,"ocean_both_sidebars_sidebars_width":0,"ocean_sidebar":"","ocean_second_sidebar":"","ocean_disable_margins":"enable","ocean_add_body_class":"","ocean_shortcode_before_top_bar":"","ocean_shortcode_after_top_bar":"","ocean_shortcode_before_header":"","ocean_shortcode_after_header":"","ocean_has_shortcode":"","ocean_shortcode_after_title":"","ocean_shortcode_before_footer_widgets":"","ocean_shortcode_after_footer_widgets":"","ocean_shortcode_before_footer_bottom":"","ocean_shortcode_after_footer_bottom":"","ocean_display_top_bar":"default","ocean_display_header":"default","ocean_header_style":"","ocean_center_header_left_menu":"","ocean_custom_header_template":"","ocean_custom_logo":0,"ocean_custom_retina_logo":0,"ocean_custom_logo_max_width":0,"ocean_custom_logo_tablet_max_width":0,"ocean_custom_logo_mobile_max_width":0,"ocean_custom_logo_max_height":0,"ocean_custom_logo_tablet_max_height":0,"ocean_custom_logo_mobile_max_height":0,"ocean_header_custom_menu":"","ocean_menu_typo_font_family":"","ocean_menu_typo_font_subset":"","ocean_menu_typo_font_size":0,"ocean_menu_typo_font_size_tablet":0,"ocean_menu_typo_font_size_mobile":0,"ocean_menu_typo_font_size_unit":"px","ocean_menu_typo_font_weight":"","ocean_menu_typo_font_weight_tablet":"","ocean_menu_typo_font_weight_mobile":"","ocean_menu_typo_transform":"","ocean_menu_typo_transform_tablet":"","ocean_menu_typo_transform_mobile":"","ocean_menu_typo_line_height":0,"ocean_menu_typo_line_height_tablet":0,"ocean_menu_typo_line_height_mobile":0,"ocean_menu_typo_line_height_unit":"","ocean_menu_typo_spacing":0,"ocean_menu_typo_spacing_tablet":0,"ocean_menu_typo_spacing_mobile":0,"ocean_menu_typo_spacing_unit":"","ocean_menu_link_color":"","ocean_menu_link_color_hover":"","ocean_menu_link_color_active":"","ocean_menu_link_background":"","ocean_menu_link_hover_background":"","ocean_menu_link_active_background":"","ocean_menu_social_links_bg":"","ocean_menu_social_hover_links_bg":"","ocean_menu_social_links_color":"","ocean_menu_social_hover_links_color":"","ocean_disable_title":"default","ocean_disable_heading":"default","ocean_post_title":"","ocean_post_subheading":"","ocean_post_title_style":"","ocean_post_title_background_color":"","ocean_post_title_background":0,"ocean_post_title_bg_image_position":"","ocean_post_title_bg_image_attachment":"","ocean_post_title_bg_image_repeat":"","ocean_post_title_bg_image_size":"","ocean_post_title_height":0,"ocean_post_title_bg_overlay":0.5,"ocean_post_title_bg_overlay_color":"","ocean_disable_breadcrumbs":"default","ocean_breadcrumbs_color":"","ocean_breadcrumbs_separator_color":"","ocean_breadcrumbs_links_color":"","ocean_breadcrumbs_links_hover_color":"","ocean_display_footer_widgets":"default","ocean_display_footer_bottom":"default","ocean_custom_footer_template":"","_tribe_events_status":"","_tribe_events_status_reason":"","footnotes":""},"tags":[],"tribe_events_cat":[26,25,27],"class_list":["post-4837","tribe_events","type-tribe_events","status-publish","has-post-thumbnail","hentry","tribe_events_cat-cpts-du-voironnais","tribe_events_cat-partenaires","tribe_events_cat-prevention","cat_cpts-du-voironnais","cat_partenaires","cat_prevention","entry","has-media"],"yoast_head":"<!-- This site is optimized with the Yoast SEO plugin v27.5 - https:\/\/yoast.com\/product\/yoast-seo-wordpress\/ -->\n<title>Conf\u00e9rence - Comment parler d&#039;alcool avec mon ado? - CPTS du Voironnais<\/title>\n<meta name=\"robots\" content=\"index, follow, max-snippet:-1, max-image-preview:large, max-video-preview:-1\" \/>\n<link rel=\"canonical\" href=\"https:\/\/cptsduvoironnais.com\/index.php\/evenement\/conference-sa-premiere-cuite\/\" \/>\n<meta property=\"og:locale\" content=\"fr_FR\" \/>\n<meta property=\"og:type\" content=\"article\" \/>\n<meta property=\"og:title\" content=\"Conf\u00e9rence - Comment parler d&#039;alcool avec mon ado? - CPTS du Voironnais\" \/>\n<meta property=\"og:description\" content=\"Conf\u00e9rence propos\u00e9e par l&rsquo;association Vivre Sans Addiction Comment parler d&rsquo;alcool avec mon ado? Une conf\u00e9rence participative, conviviale et ludique anim\u00e9e par Guylaine Benech, sociologue et autrice. Destin\u00e9e aux parents, grands [&hellip;]\" \/>\n<meta property=\"og:url\" content=\"https:\/\/cptsduvoironnais.com\/index.php\/evenement\/conference-sa-premiere-cuite\/\" \/>\n<meta property=\"og:site_name\" content=\"CPTS du Voironnais\" \/>\n<meta property=\"article:modified_time\" content=\"2026-03-02T12:57:30+00:00\" \/>\n<meta name=\"twitter:card\" content=\"summary_large_image\" \/>\n<meta name=\"twitter:label1\" content=\"Dur\u00e9e de lecture estim\u00e9e\" \/>\n\t<meta name=\"twitter:data1\" content=\"1 minute\" \/>\n<script type=\"application\/ld+json\" class=\"yoast-schema-graph\">{\"@context\":\"https:\\\/\\\/schema.org\",\"@graph\":[{\"@type\":\"WebPage\",\"@id\":\"https:\\\/\\\/cptsduvoironnais.com\\\/index.php\\\/evenement\\\/conference-sa-premiere-cuite\\\/\",\"url\":\"https:\\\/\\\/cptsduvoironnais.com\\\/index.php\\\/evenement\\\/conference-sa-premiere-cuite\\\/\",\"name\":\"Conf\u00e9rence - Comment parler d'alcool avec mon ado? - CPTS du Voironnais\",\"isPartOf\":{\"@id\":\"https:\\\/\\\/cptsduvoironnais.com\\\/#website\"},\"primaryImageOfPage\":{\"@id\":\"https:\\\/\\\/cptsduvoironnais.com\\\/index.php\\\/evenement\\\/conference-sa-premiere-cuite\\\/#primaryimage\"},\"image\":{\"@id\":\"https:\\\/\\\/cptsduvoironnais.com\\\/index.php\\\/evenement\\\/conference-sa-premiere-cuite\\\/#primaryimage\"},\"thumbnailUrl\":\"https:\\\/\\\/cptsduvoironnais.com\\\/wp-content\\\/uploads\\\/2026\\\/02\\\/1-Affiche-Voiron-A4-sans-traits-de-coupe-pdf.jpg\",\"datePublished\":\"2026-02-18T13:38:16+00:00\",\"dateModified\":\"2026-03-02T12:57:30+00:00\",\"breadcrumb\":{\"@id\":\"https:\\\/\\\/cptsduvoironnais.com\\\/index.php\\\/evenement\\\/conference-sa-premiere-cuite\\\/#breadcrumb\"},\"inLanguage\":\"fr-FR\",\"potentialAction\":[{\"@type\":\"ReadAction\",\"target\":[\"https:\\\/\\\/cptsduvoironnais.com\\\/index.php\\\/evenement\\\/conference-sa-premiere-cuite\\\/\"]}]},{\"@type\":\"ImageObject\",\"inLanguage\":\"fr-FR\",\"@id\":\"https:\\\/\\\/cptsduvoironnais.com\\\/index.php\\\/evenement\\\/conference-sa-premiere-cuite\\\/#primaryimage\",\"url\":\"https:\\\/\\\/cptsduvoironnais.com\\\/wp-content\\\/uploads\\\/2026\\\/02\\\/1-Affiche-Voiron-A4-sans-traits-de-coupe-pdf.jpg\",\"contentUrl\":\"https:\\\/\\\/cptsduvoironnais.com\\\/wp-content\\\/uploads\\\/2026\\\/02\\\/1-Affiche-Voiron-A4-sans-traits-de-coupe-pdf.jpg\"},{\"@type\":\"BreadcrumbList\",\"@id\":\"https:\\\/\\\/cptsduvoironnais.com\\\/index.php\\\/evenement\\\/conference-sa-premiere-cuite\\\/#breadcrumb\",\"itemListElement\":[{\"@type\":\"ListItem\",\"position\":1,\"name\":\"Accueil\",\"item\":\"https:\\\/\\\/cptsduvoironnais.com\\\/\"},{\"@type\":\"ListItem\",\"position\":2,\"name\":\"\u00c9v\u00e8nements\",\"item\":\"https:\\\/\\\/cptsduvoironnais.com\\\/index.php\\\/events\\\/\"},{\"@type\":\"ListItem\",\"position\":3,\"name\":\"Conf\u00e9rence &#8211; Comment parler d&rsquo;alcool avec mon ado?\"}]},{\"@type\":\"WebSite\",\"@id\":\"https:\\\/\\\/cptsduvoironnais.com\\\/#website\",\"url\":\"https:\\\/\\\/cptsduvoironnais.com\\\/\",\"name\":\"CPTS du Voironnais\",\"description\":\"Communaut\u00e9 Professionnelle Territoriale de Sant\u00e9 du Voironnais\",\"publisher\":{\"@id\":\"https:\\\/\\\/cptsduvoironnais.com\\\/#organization\"},\"potentialAction\":[{\"@type\":\"SearchAction\",\"target\":{\"@type\":\"EntryPoint\",\"urlTemplate\":\"https:\\\/\\\/cptsduvoironnais.com\\\/?s={search_term_string}\"},\"query-input\":{\"@type\":\"PropertyValueSpecification\",\"valueRequired\":true,\"valueName\":\"search_term_string\"}}],\"inLanguage\":\"fr-FR\"},{\"@type\":\"Organization\",\"@id\":\"https:\\\/\\\/cptsduvoironnais.com\\\/#organization\",\"name\":\"CPTS du Voironnais\",\"url\":\"https:\\\/\\\/cptsduvoironnais.com\\\/\",\"logo\":{\"@type\":\"ImageObject\",\"inLanguage\":\"fr-FR\",\"@id\":\"https:\\\/\\\/cptsduvoironnais.com\\\/#\\\/schema\\\/logo\\\/image\\\/\",\"url\":\"https:\\\/\\\/cptsduvoironnais.com\\\/wp-content\\\/uploads\\\/2024\\\/03\\\/cropped-Copie-de-C-P-T-S-1.png\",\"contentUrl\":\"https:\\\/\\\/cptsduvoironnais.com\\\/wp-content\\\/uploads\\\/2024\\\/03\\\/cropped-Copie-de-C-P-T-S-1.png\",\"width\":500,\"height\":257,\"caption\":\"CPTS du Voironnais\"},\"image\":{\"@id\":\"https:\\\/\\\/cptsduvoironnais.com\\\/#\\\/schema\\\/logo\\\/image\\\/\"}}]}<\/script>\n<!-- \/ Yoast SEO plugin. -->","yoast_head_json":{"title":"Conf\u00e9rence - Comment parler d'alcool avec mon ado? - CPTS du Voironnais","robots":{"index":"index","follow":"follow","max-snippet":"max-snippet:-1","max-image-preview":"max-image-preview:large","max-video-preview":"max-video-preview:-1"},"canonical":"https:\/\/cptsduvoironnais.com\/index.php\/evenement\/conference-sa-premiere-cuite\/","og_locale":"fr_FR","og_type":"article","og_title":"Conf\u00e9rence - Comment parler d'alcool avec mon ado? - CPTS du Voironnais","og_description":"Conf\u00e9rence propos\u00e9e par l&rsquo;association Vivre Sans Addiction Comment parler d&rsquo;alcool avec mon ado? Une conf\u00e9rence participative, conviviale et ludique anim\u00e9e par Guylaine Benech, sociologue et autrice. Destin\u00e9e aux parents, grands [&hellip;]","og_url":"https:\/\/cptsduvoironnais.com\/index.php\/evenement\/conference-sa-premiere-cuite\/","og_site_name":"CPTS du Voironnais","article_modified_time":"2026-03-02T12:57:30+00:00","twitter_card":"summary_large_image","twitter_misc":{"Dur\u00e9e de lecture estim\u00e9e":"1 minute"},"schema":{"@context":"https:\/\/schema.org","@graph":[{"@type":"WebPage","@id":"https:\/\/cptsduvoironnais.com\/index.php\/evenement\/conference-sa-premiere-cuite\/","url":"https:\/\/cptsduvoironnais.com\/index.php\/evenement\/conference-sa-premiere-cuite\/","name":"Conf\u00e9rence - Comment parler d'alcool avec mon ado? - CPTS du Voironnais","isPartOf":{"@id":"https:\/\/cptsduvoironnais.com\/#website"},"primaryImageOfPage":{"@id":"https:\/\/cptsduvoironnais.com\/index.php\/evenement\/conference-sa-premiere-cuite\/#primaryimage"},"image":{"@id":"https:\/\/cptsduvoironnais.com\/index.php\/evenement\/conference-sa-premiere-cuite\/#primaryimage"},"thumbnailUrl":"https:\/\/cptsduvoironnais.com\/wp-content\/uploads\/2026\/02\/1-Affiche-Voiron-A4-sans-traits-de-coupe-pdf.jpg","datePublished":"2026-02-18T13:38:16+00:00","dateModified":"2026-03-02T12:57:30+00:00","breadcrumb":{"@id":"https:\/\/cptsduvoironnais.com\/index.php\/evenement\/conference-sa-premiere-cuite\/#breadcrumb"},"inLanguage":"fr-FR","potentialAction":[{"@type":"ReadAction","target":["https:\/\/cptsduvoironnais.com\/index.php\/evenement\/conference-sa-premiere-cuite\/"]}]},{"@type":"ImageObject","inLanguage":"fr-FR","@id":"https:\/\/cptsduvoironnais.com\/index.php\/evenement\/conference-sa-premiere-cuite\/#primaryimage","url":"https:\/\/cptsduvoironnais.com\/wp-content\/uploads\/2026\/02\/1-Affiche-Voiron-A4-sans-traits-de-coupe-pdf.jpg","contentUrl":"https:\/\/cptsduvoironnais.com\/wp-content\/uploads\/2026\/02\/1-Affiche-Voiron-A4-sans-traits-de-coupe-pdf.jpg"},{"@type":"BreadcrumbList","@id":"https:\/\/cptsduvoironnais.com\/index.php\/evenement\/conference-sa-premiere-cuite\/#breadcrumb","itemListElement":[{"@type":"ListItem","position":1,"name":"Accueil","item":"https:\/\/cptsduvoironnais.com\/"},{"@type":"ListItem","position":2,"name":"\u00c9v\u00e8nements","item":"https:\/\/cptsduvoironnais.com\/index.php\/events\/"},{"@type":"ListItem","position":3,"name":"Conf\u00e9rence &#8211; Comment parler d&rsquo;alcool avec mon ado?"}]},{"@type":"WebSite","@id":"https:\/\/cptsduvoironnais.com\/#website","url":"https:\/\/cptsduvoironnais.com\/","name":"CPTS du Voironnais","description":"Communaut\u00e9 Professionnelle Territoriale de Sant\u00e9 du Voironnais","publisher":{"@id":"https:\/\/cptsduvoironnais.com\/#organization"},"potentialAction":[{"@type":"SearchAction","target":{"@type":"EntryPoint","urlTemplate":"https:\/\/cptsduvoironnais.com\/?s={search_term_string}"},"query-input":{"@type":"PropertyValueSpecification","valueRequired":true,"valueName":"search_term_string"}}],"inLanguage":"fr-FR"},{"@type":"Organization","@id":"https:\/\/cptsduvoironnais.com\/#organization","name":"CPTS du Voironnais","url":"https:\/\/cptsduvoironnais.com\/","logo":{"@type":"ImageObject","inLanguage":"fr-FR","@id":"https:\/\/cptsduvoironnais.com\/#\/schema\/logo\/image\/","url":"https:\/\/cptsduvoironnais.com\/wp-content\/uploads\/2024\/03\/cropped-Copie-de-C-P-T-S-1.png","contentUrl":"https:\/\/cptsduvoironnais.com\/wp-content\/uploads\/2024\/03\/cropped-Copie-de-C-P-T-S-1.png","width":500,"height":257,"caption":"CPTS du Voironnais"},"image":{"@id":"https:\/\/cptsduvoironnais.com\/#\/schema\/logo\/image\/"}}]}},"_links":{"self":[{"href":"https:\/\/cptsduvoironnais.com\/index.php\/wp-json\/wp\/v2\/tribe_events\/4837","targetHints":{"allow":["GET"]}}],"collection":[{"href":"https:\/\/cptsduvoironnais.com\/index.php\/wp-json\/wp\/v2\/tribe_events"}],"about":[{"href":"https:\/\/cptsduvoironnais.com\/index.php\/wp-json\/wp\/v2\/types\/tribe_events"}],"author":[{"embeddable":true,"href":"https:\/\/cptsduvoironnais.com\/index.php\/wp-json\/wp\/v2\/users\/1"}],"replies":[{"embeddable":true,"href":"https:\/\/cptsduvoironnais.com\/index.php\/wp-json\/wp\/v2\/comments?post=4837"}],"version-history":[{"count":3,"href":"https:\/\/cptsduvoironnais.com\/index.php\/wp-json\/wp\/v2\/tribe_events\/4837\/revisions"}],"predecessor-version":[{"id":4959,"href":"https:\/\/cptsduvoironnais.com\/index.php\/wp-json\/wp\/v2\/tribe_events\/4837\/revisions\/4959"}],"wp:featuredmedia":[{"embeddable":true,"href":"https:\/\/cptsduvoironnais.com\/index.php\/wp-json\/wp\/v2\/media\/4957"}],"wp:attachment":[{"href":"https:\/\/cptsduvoironnais.com\/index.php\/wp-json\/wp\/v2\/media?parent=4837"}],"wp:term":[{"taxonomy":"post_tag","embeddable":true,"href":"https:\/\/cptsduvoironnais.com\/index.php\/wp-json\/wp\/v2\/tags?post=4837"},{"taxonomy":"tribe_events_cat","embeddable":true,"href":"https:\/\/cptsduvoironnais.com\/index.php\/wp-json\/wp\/v2\/tribe_events_cat?post=4837"}],"curies":[{"name":"wp","href":"https:\/\/api.w.org\/{rel}","templated":true}]}}